{"id":29884,"date":"2025-06-21T15:38:15","date_gmt":"2025-06-21T13:38:15","guid":{"rendered":"https:\/\/santagostinorimini.it\/new_sito\/?page_id=29884"},"modified":"2026-04-18T18:44:51","modified_gmt":"2026-04-18T16:44:51","slug":"consiglio-pastorale-parrocchiale","status":"publish","type":"page","link":"https:\/\/santagostinorimini.it\/new_sito\/comunita\/consigli-parrocchiali\/consiglio-pastorale-parrocchiale\/","title":{"rendered":"Consiglio Pastorale Parrocchiale"},"content":{"rendered":"<div data-colibri-id=\"29884-c1\" class=\"style-11452 style-local-29884-c1 position-relative\">\n  <!---->\n  <div data-colibri-component=\"section\" data-colibri-id=\"29884-c2\" id=\"initial-content\" class=\"h-section h-section-global-spacing d-flex align-items-lg-center align-items-md-center align-items-center style-11453 style-local-29884-c2 position-relative\">\n    <!---->\n    <!---->\n    <div class=\"h-section-grid-container h-section-boxed-container\">\n      <!---->\n      <div data-colibri-id=\"29884-c3\" class=\"h-row-container gutters-row-lg-2 gutters-row-md-2 gutters-row-0 gutters-row-v-lg-2 gutters-row-v-md-2 gutters-row-v-2 style-11454 style-local-29884-c3 position-relative\">\n        <!---->\n        <div class=\"h-row justify-content-lg-center justify-content-md-center justify-content-center align-items-lg-stretch align-items-md-stretch align-items-stretch gutters-col-lg-2 gutters-col-md-2 gutters-col-0 gutters-col-v-lg-2 gutters-col-v-md-2 gutters-col-v-2\">\n          <!---->\n          <div class=\"h-column h-column-container d-flex h-col-lg-auto h-col-md-auto h-col-auto style-11455-outer style-local-29884-c4-outer\">\n            <div data-colibri-id=\"29884-c4\" class=\"d-flex h-flex-basis h-column__inner h-px-lg-2 h-px-md-2 h-px-2 v-inner-lg-2 v-inner-md-2 v-inner-2 style-11455 style-local-29884-c4 position-relative\">\n              <!---->\n              <!---->\n              <div class=\"w-100 h-y-container h-column__content h-column__v-align flex-basis-100 align-self-lg-start align-self-md-start align-self-start\">\n                <!---->\n                <div data-colibri-id=\"29884-c5\" class=\"d-block style-11483 style-local-29884-c5 position-relative h-element\">\n                  <!---->\n                  <div class=\"h-image__frame-container-outer\">\n                    <div class=\"h-image__frame-container\">\n                      <!---->\n                      <!---->\n                      <img loading=\"lazy\" decoding=\"async\" width=\"2148\" height=\"366\" src=\"https:\/\/santagostinorimini.it\/new_sito\/wp-content\/uploads\/2025\/06\/intestazioneverbalecpp.jpg\" class=\"wp-image-30084 style-11483-image style-local-29884-c5-image\" alt=\"\" srcset=\"https:\/\/santagostinorimini.it\/new_sito\/wp-content\/uploads\/2025\/06\/intestazioneverbalecpp.jpg 2148w, https:\/\/santagostinorimini.it\/new_sito\/wp-content\/uploads\/2025\/06\/intestazioneverbalecpp-300x51.jpg 300w, https:\/\/santagostinorimini.it\/new_sito\/wp-content\/uploads\/2025\/06\/intestazioneverbalecpp-1024x174.jpg 1024w, https:\/\/santagostinorimini.it\/new_sito\/wp-content\/uploads\/2025\/06\/intestazioneverbalecpp-768x131.jpg 768w, https:\/\/santagostinorimini.it\/new_sito\/wp-content\/uploads\/2025\/06\/intestazioneverbalecpp-1536x262.jpg 1536w, https:\/\/santagostinorimini.it\/new_sito\/wp-content\/uploads\/2025\/06\/intestazioneverbalecpp-2048x349.jpg 2048w\" sizes=\"auto, (max-width: 2148px) 100vw, 2148px\" \/>\n                      <div class=\"h-image__frame h-hide-lg h-hide-md h-hide-sm style-11483-frameImage style-local-29884-c5-frameImage\"><\/div>\n                    <\/div>\n                  <\/div>\n                <\/div>\n                <div data-colibri-id=\"29884-c6\" class=\"h-global-transition-all h-heading style-11461 style-local-29884-c6 position-relative h-element\">\n                  <!---->\n                  <div class=\"h-heading__outer style-11461 style-local-29884-c6\">\n                    <!---->\n                    <!---->\n                    <h2 class=\"\">14 aprile 2026<\/h2>\n                  <\/div>\n                <\/div>\n                <div data-colibri-id=\"29884-c7\" class=\"h-text h-text-component style-11484 style-local-29884-c7 position-relative h-element\">\n                  <!---->\n                  <!---->\n                  <div class=\"\">\n                    <p>Sintesi <em>dei principali argomenti&nbsp;<\/em>elaborata sul contributo della A.I.&nbsp;<\/p>\n                  <\/div>\n                <\/div>\n                <div data-colibri-id=\"29884-c8\" class=\"h-divider style-12743 style-local-29884-c8 position-relative h-element\">\n                  <!----><span class=\"h-divider__line style-12743-line style-local-29884-c8-line style-12743-line style-local-29884-c8-line\"><\/span><\/div>\n                <div data-colibri-id=\"29884-c9\" class=\"h-text h-text-component style-12848 style-local-29884-c9 position-relative h-element\">\n                  <!---->\n                  <!---->\n                  <div class=\"\">\n                    <p>Il Consiglio Pastorale del 14 aprile ha seguito un ordine del giorno strutturato per analizzare la vita parrocchiale recente, rispondere ai quesiti diocesani sulla sinodalit\u00e0 e pianificare le attivit\u00e0 future. <\/p>\n                  <\/div>\n                <\/div>\n                <div data-colibri-id=\"29884-c10\" class=\"h-text h-text-component style-12727 style-local-29884-c10 position-relative h-element\">\n                  <!---->\n                  <!---->\n                  <div class=\"\">\n                    <p><strong>1. Apertura e Preghiera<\/strong><\/p>\n                  <\/div>\n                <\/div>\n                <div data-colibri-id=\"29884-c11\" class=\"h-text h-text-component style-12849 style-local-29884-c11 position-relative h-element\">\n                  <!---->\n                  <!---->\n                  <div class=\"\">\n                    <p>La riunione si \u00e8 aperta con la lettura degli Atti degli Apostoli sulla vita della prima comunit\u00e0 cristiana, seguita dalla preghiera del Padre Nostro.<\/p>\n                  <\/div>\n                <\/div>\n                <div data-colibri-id=\"29884-c12\" class=\"h-text h-text-component style-12850 style-local-29884-c12 position-relative h-element\">\n                  <!---->\n                  <!---->\n                  <div class=\"\">\n                    <p><strong>2. Verifica delle attivit\u00e0 recenti<\/strong><\/p>\n                  <\/div>\n                <\/div>\n                <div data-colibri-id=\"29884-c13\" class=\"h-text h-text-component style-12728 style-local-29884-c13 position-relative h-element\">\n                  <!---->\n                  <!---->\n                  <div class=\"\">\n                    <ul>\n                      <li><strong style=\"font-size: 18px; font-family: Lato; color: rgb(70, 112, 127);\">Processione delle Palme:<\/strong><span style=\"font-size: 18px; font-family: Lato; color: rgb(70, 112, 127); font-weight: 400;\">&nbsp;\u00c8 stata considerata da alcuni un successo in termini di partecipazione, ed \u00e8 stata anche sottolineata la bellezza della processione lungo la strada, arricchita dai canti che hanno spinto i passanti a fermarsi per guardare e ascoltare.<\/span><\/li>\n                      <li><strong>Via Crucis:<\/strong> Nonostante la profondit\u00e0 spirituale dei testi del beato Alberto Marvelli, \u00e8 stata segnata da una scarsa partecipazione. Tra le cause dell&#8217;esiguit\u00e0 numerica \u00e8 stato citato il clima freddo e l\u2019abbondanza\n                        di proposte di Via Crucis nel periodo quaresimale che hanno attirato altrove parte dei parrocchiani.<\/li>\n                      <li><strong>Gioved\u00ec Santo (Messa in Coena Domini):<\/strong> \u00c8 stato il momento pi\u00f9 apprezzato, descritto come una &#8220;grande festa della parrocchia&#8221;. Il coinvolgimento dei bambini nella preparazione di biscotti e nella colorazione delle\n                        uova pasquali ha favorito un clima di forte partecipazione che ha incluso anche famiglie straniere. \u00c8 stato rimarcato come l&#8217;assemblea fosse molto pi\u00f9 &#8220;sentita&#8221; e coinvolta rispetto ad altre celebrazioni.<\/li>\n                      <li><strong>Venerd\u00ec Santo (Preghiera serale):<\/strong> \u00c8 stata definita un&#8217;occasione &#8220;poco partecipata&#8221; e &#8220;poco viva&#8221;.<\/li>\n                      <li><strong>Veglia Pasquale:<\/strong> \u00c8 emersa la sensazione che, nonostante la presenza fisica, l&#8217;assemblea fosse poco coinvolta e quasi &#8220;assonnata&#8221;. La celebrazione \u00e8 risultata molto lunga, non solo per la complessit\u00e0 dei riti.<\/li>\n                      <li><strong>Domenica di Pasqua:<\/strong> \u00c8 stata notata con piacere la presenza di molti parrocchiani &#8220;nuovi&#8221; o che non frequentavano la chiesa da tempo, rendendo la celebrazione molto affollata e positiva.<\/li>\n                      <li><strong>Integrazione e Comunit\u00e0:<\/strong> Un&#8217;appendice significativa alle festivit\u00e0 pasquali \u00e8 stata la festa della domenica in Albis a San Nicol\u00f2, nel pomeriggio, dove l&#8217;integrazione tra i ragazzi della parrocchia e le famiglie\n                        straniere (musulmane e peruviane) ha creato un clima di gioia e condivisione, testimoniato anche dalla preparazione di cibi tipici di diverse culture.<\/li>\n                    <\/ul>\n                    <p>In sintesi, il Consiglio ha riconosciuto che le attivit\u00e0 che coinvolgono direttamente i bambini (come il Gioved\u00ec Santo) sono quelle che riescono meglio a trascinare le famiglie e a creare un senso di appartenenza, mentre le liturgie\n                      pi\u00f9 lunghe o tradizionali faticano maggiormente a generare un coinvolgimento attivo.<\/p>\n                  <\/div>\n                <\/div>\n                <div data-colibri-id=\"29884-c14\" class=\"h-text h-text-component style-12729 style-local-29884-c14 position-relative h-element\">\n                  <!---->\n                  <!---->\n                  <div class=\"\">\n                    <p><strong>3. Risposte ai quesiti del Vescovo sulla Sinodalit\u00e0<\/strong><\/p>\n                  <\/div>\n                <\/div>\n                <div data-colibri-id=\"29884-c15\" class=\"h-text h-text-component style-12732 style-local-29884-c15 position-relative h-element\">\n                  <!---->\n                  <!---->\n                  <div class=\"\">\n                    <p>Il parroco ha letto le domande proposte dalla diocesi riguardo agli organismi parrocchiali di partecipazione: il Consiglio Pastorale e il Consiglio per gli Affari Economici.<\/p>\n                    <ul>\n                      <li><strong>Composizione del Consiglio:<\/strong> \u00c8 emerso che, sebbene ci siano 26 nomi nella chat, i partecipanti attivi sono circa 15-16. Sono stati fatti nomi di membri storicamente assenti o impossibilitati a partecipare.<\/li>\n                      <li><strong>Frequenza e Argomenti:<\/strong> Il Consiglio Pastorale si riunisce mensilmente (circa 11 volte l&#8217;anno), mentre quello per gli Affari Economici 4-5 volte. Gli argomenti riguardano principalmente la revisione della vita parrocchiale\n                        e le proposte pastorali.<\/li>\n                      <li><strong>Metodo di rinnovo del Consiglio:<\/strong> Si \u00e8 aperto un ampio dibattito su come aggiornare il Consiglio. Alcuni sostengono che i vecchi metodi, come le votazioni parrocchiali, sono considerati ormai superati e tendono a\n                        riportare sempre gli stessi nomi.<\/li>\n                    <\/ul>\n                    <p>I nuovi criteri proposti per il rinnovo e la composizione dei Consigli si articolano su diversi punti:<\/p>\n                    <p><strong>A.&nbsp;Chiamata o invito diretto:<\/strong> alcuni hanno suggerito che il parroco dovrebbe procedere con un invito diretto.\n                      <br>Questo permetterebbe di inserire &#8220;occhi esterni&#8221; e nuove energie, superando le dinamiche delle elezioni formali e permetterebbe di raggiungere persone \u201ctimide\u201d che hanno mostrato interesse o partecipazione, ma che difficilmente si\n                      farebbero avanti spontaneamente o attraverso un appello generico.\n                      <br>Questo metodo dipende esclusivamente dalla capacit\u00e0 di discernimento e dalla rete di relazioni del parroco, che deve farsi carico di individuare e &#8220;appassionare&#8221; personalmente i potenziali nuovi membri.\n                      <br>Alcuni per\u00f2 temono che invitare direttamente persone non pienamente inserite nel cammino di fede possa introdurre <strong>&#8220;<\/strong>elementi di rottura&#8221; o visioni distanti dall&#8217;identit\u00e0 cristiana dell&#8217;organismo.\n                      <br> Esperienze passate hanno mostrato che persone esterne chiamate direttamente si sono sentite estranee alle dinamiche del gruppo e hanno smesso di frequentare perch\u00e9 non capivano pienamente il loro ruolo.\n                      <br>Esiste quindi il forte timore che, nonostante i tentativi di rinnovo, ci si ritrovi sempre con lo stesso &#8220;nocciolo duro&#8221; di persone, poich\u00e9 sono le uniche realmente disposte a impegnarsi costantemente.<\/p>\n                    <p><strong>B.&nbsp;Partecipazione per settori:<\/strong> Una proposta specifica prevede di non avere solo membri fissi, ma di allargare il consiglio in base al tema trattato. Ad esempio, se si discute di giovani, si invitano i referenti\n                      dei giovani; se si parla di Caritas, si coinvolgono i volontari del settore, permettendo cos\u00ec una partecipazione pi\u00f9 mirata e competente.<\/p>\n                    <p><strong>C.&nbsp;Verifica della disponibilit\u00e0 attuale:<\/strong> Prima di procedere a nuovi innesti, \u00e8 stata sottolineata la necessit\u00e0 di contattare i membri attualmente iscritti ma sistematicamente assenti. L&#8217;obiettivo \u00e8 capire se desiderano\n                      ancora far parte del Consiglio.<\/p>\n                    <p><strong>D.&nbsp;Rappresentanza dei gruppi attivi:<\/strong> Resta confermato il criterio per cui ogni gruppo parrocchiale attivo dovrebbe inviare un proprio rappresentante (e possibilmente un sostituto) per garantire che il Consiglio\n                      sia effettivamente portavoce delle diverse realt\u00e0 della comunit\u00e0.<\/p>\n                  <\/div>\n                <\/div>\n                <div data-colibri-id=\"29884-c16\" class=\"h-text h-text-component style-12733 style-local-29884-c16 position-relative h-element\">\n                  <!---->\n                  <!---->\n                  <div class=\"\">\n                    <p><strong>&nbsp;4. Partecipazione e Formazione degli Adulti<\/strong><\/p>\n                  <\/div>\n                <\/div>\n                <div data-colibri-id=\"29884-c17\" class=\"h-text h-text-component style-12734 style-local-29884-c17 position-relative h-element\">\n                  <!---->\n                  <!---->\n                  <div class=\"\">\n                    <p>Per agire sulla formazione degli adulti, considerata il &#8220;terreno&#8221; su cui crescono i figli, il Consiglio ha proposto un approccio che parta dalla preparazione delle persone prima ancora della trasmissione dei contenuti dottrinali.<\/p>\n                    <p>Le principali linee d&#8217;azione emerse sono:<\/p>\n                    <ul>\n                      <li><strong>Evangelizzazione e Catechismo per Adulti:<\/strong> la necessit\u00e0 di ricominciare a evangelizzare i genitori, chiedendo loro di interrogarsi sul perch\u00e9 portino i figli in parrocchia. L&#8217;idea \u00e8 di ripartire da una formazione\n                        strutturata che renda l&#8217;adulto consapevole di ci\u00f2 che viene trasmesso al bambino.<\/li>\n                      <li><strong>Incontri di preghiera e meditazione:<\/strong> Come primo passo, \u00e8 stato suggerito di non iniziare subito con messaggi &#8220;forti&#8221;, ma con momenti di preghiera e meditazione su testi biblici legati al periodo liturgico. Questi\n                        incontri dovrebbero avere un tono &#8220;leggero&#8221; per non scoraggiare chi non \u00e8 abituato a certi contesti.<\/li>\n                      <li><strong>Orari accessibili:<\/strong> Per favorire la partecipazione anche di chi lavora, \u00e8 stato proposto di fissare gli incontri alle 21:00 evitando orari pomeridiani che coincidono con l&#8217;attivit\u00e0 lavorativa.<\/li>\n                      <li><strong>Approccio ludico e accogliente:<\/strong> Alcuni hanno suggerito di affiancare alla formazione momenti pi\u00f9 ludici o conviviali per creare un primo contatto e un clima di accoglienza.<\/li>\n                      <li><strong>Relazioni di prossimit\u00e0:<\/strong> Si intende puntare sulla vicinanza personale alle famiglie, cercando di intercettare i loro bisogni e problemi quotidiani per farle sentire parte di una comunit\u00e0 e non solo destinatarie di\n                        un servizio.<\/li>\n                      <li><strong>Coinvolgimento tramite i figli:<\/strong> Un metodo concreto per raggiungere gli adulti \u00e8 attraverso attivit\u00e0 che coinvolgano i bambini, che storicamente vedono una buona partecipazione dei genitori.<\/li>\n                    <\/ul>\n                    <p>\n                      <br>\n                    <\/p>\n                  <\/div>\n                <\/div>\n                <div data-colibri-id=\"29884-c18\" class=\"h-text h-text-component style-12735 style-local-29884-c18 position-relative h-element\">\n                  <!---->\n                  <!---->\n                  <div class=\"\">\n                    <p><strong>5. Programmazione del Mese di Maggio<\/strong><\/p>\n                  <\/div>\n                <\/div>\n                <div data-colibri-id=\"29884-c19\" class=\"h-text h-text-component style-12840 style-local-29884-c19 position-relative h-element\">\n                  <!---->\n                  <!---->\n                  <div class=\"\">\n                    <p>\u00b7&nbsp;Si conferma quanto programmato nel precedente Consiglio Pastorale. Il tema sar\u00e0 la <strong>Pace e la cura delle relazioni<\/strong> (legato al centenario francescano).\n                      <br>\u00b7&nbsp;Gli incarichi sono gi\u00e0 stati distribuiti.\n                      <br>\u00b7&nbsp;La copia dell\u2019immagine della Madonna del Giglio visiter\u00e0 le famiglie nei primi 20 giorni di maggio, la chiusura comunitaria il 31 maggio con processione.\n                      <br>\n                    <\/p>\n                  <\/div>\n                <\/div>\n                <div data-colibri-id=\"29884-c20\" class=\"h-text h-text-component style-12737 style-local-29884-c20 position-relative h-element\">\n                  <!---->\n                  <!---->\n                  <div class=\"\">\n                    <p><strong>6. Varie ed eventuali<\/strong><\/p>\n                  <\/div>\n                <\/div>\n                <div data-colibri-id=\"29884-c21\" class=\"h-text h-text-component style-12738 style-local-29884-c21 position-relative h-element\">\n                  <!---->\n                  <!---->\n                  <div class=\"\">\n                    <p><strong>a.&nbsp; Appartamenti ai Servi<\/strong>\n                      <br>La gestione degli affitti per studenti e giovani lavoratori presso i locali della parrocchia ai <strong>Servi<\/strong> subir\u00e0 un cambiamento significativo a seguito della decisione della cooperativa Diapason di lasciare la gestione\n                      di due miniappartamenti.\n                      <br>&nbsp; &nbsp; \u00b7&nbsp;&nbsp;<strong>Stato degli immobili:<\/strong> Si tratta di due miniappartamenti che condividono le utenze (gas, luce e acqua) a causa della presenza di contatori unici. Entrambi dispongono di una cucina e due\n                      camere da letto; le condizioni generali sono migliori del previsto, con infissi dotati di doppi vetri che richiedono solo piccoli interventi di manutenzione e imbiancatura.\n                      <br>&nbsp; &nbsp; \u00b7&nbsp;&nbsp;<strong>Destinazione futura:<\/strong> L&#8217;intenzione della parrocchia \u00e8 di gestire direttamente questi spazi per affittarli a studenti o giovani lavoratori. L&#8217;obiettivo \u00e8 offrire alloggi a prezzi competitivi\n                      nel centro storico, mantenendo una funzione sociale anzich\u00e9 puramente speculativa.\n                      <br>&nbsp; &nbsp; \u00b7&nbsp;&nbsp;<strong>Ricerca degli inquilini:<\/strong> Per trovare i nuovi affittuari, si prevede di utilizzare metodi diretti come l&#8217;affissione di foglietti e annunci in ambito universitario e parrocchiale.<\/p>\n                    <p><strong>b.&nbsp; Situazione casa Montecieco<\/strong>\n                      <br>Per quanto riguarda l&#8217;immobile di Montecieco, la parrocchia sta affrontando una complessa controversia con il Comune e Antea relativa allo scolo delle acque piovane.<\/p>\n                    <p>\u00b7&nbsp; <strong>Problemi infrastrutturali:<\/strong> Il sistema pubblico di deflusso delle acque \u00e8 stato interrotto e un collegamento provvisorio si \u00e8 intasato, causando disagi.\n                      <br>\u00b7&nbsp; <strong>Messa a norma:<\/strong> La parrocchia si \u00e8 messa in regola attraverso l&#8217;installazione di un sistema di biodepurazione. Sono state effettuate le analisi delle acque e sono previsti controlli annuali, come richiesto\n                      dall&#8217;ARPA, per garantire che gli scarichi nel fosso comunale siano autorizzati e sicuri.<\/p>\n                    <p><strong>c.&nbsp; Criticit\u00e0 del Gruppo Giovani Adulti<\/strong>\n                      <br>Il referente parrocchiale del gruppo ha annunciato con rammarico che, per motivi personali, non continuer\u00e0 la sua funzione di riferimento.\n                      <br>La gestione del gruppo continuer\u00e0 ad essere affidata alla coppia che attualmente guida le riflessioni sul Vangelo domenicale.<\/p>\n                    <p><strong>d. Trasparenza Finanziaria<\/strong>\n                      <br>Infine, il parroco ha segnalato un episodio singolare riguardante la gestione amministrativa: il foglio del bilancio parrocchiale, affisso nella bacheca della chiesa per informare la comunit\u00e0, \u00e8 stato asportato da ignoti poche ore\n                      dopo l&#8217;affissione. Un nuovo documento \u00e8 stato successivamente ristampato e riposizionato.<\/p>\n                  <\/div>\n                <\/div>\n                <div data-colibri-id=\"29884-c22\" class=\"h-text h-text-component style-12739 style-local-29884-c22 position-relative h-element\">\n                  <!---->\n                  <!---->\n                  <div class=\"\">\n                    <p><strong>&nbsp;7. Conclusione<\/strong><\/p>\n                  <\/div>\n                <\/div>\n                <div data-colibri-id=\"29884-c23\" class=\"h-text h-text-component style-12741 style-local-29884-c23 position-relative h-element\">\n                  <!---->\n                  <!---->\n                  <div class=\"\">\n                    <p>La seduta si \u00e8 chiusa con la preghiera e il canto del Regina Coeli<\/p>\n                  <\/div>\n                <\/div>\n              <\/div>\n            <\/div>\n          <\/div>\n        <\/div>\n      <\/div>\n    <\/div>\n  <\/div>\n<\/div>","protected":false},"excerpt":{"rendered":"<p>14 aprile 2026 Sintesi dei principali argomenti&nbsp;elaborata sul contributo della A.I.&nbsp; Il Consiglio Pastorale del 14 aprile ha seguito un ordine del giorno strutturato per analizzare la vita parrocchiale recente, rispondere ai quesiti diocesani sulla sinodalit\u00e0 e pianificare le attivit\u00e0 future. 1. Apertura e Preghiera La riunione si \u00e8 aperta con la lettura degli Atti [&hellip;]<\/p>\n","protected":false},"author":5,"featured_media":0,"parent":1966,"menu_order":0,"comment_status":"closed","ping_status":"closed","template":"page-templates\/full-width-page.php","meta":{"iawp_total_views":62,"footnotes":""},"class_list":["post-29884","page","type-page","status-publish","hentry"],"_links":{"self":[{"href":"https:\/\/santagostinorimini.it\/new_sito\/wp-json\/wp\/v2\/pages\/29884","targetHints":{"allow":["GET"]}}],"collection":[{"href":"https:\/\/santagostinorimini.it\/new_sito\/wp-json\/wp\/v2\/pages"}],"about":[{"href":"https:\/\/santagostinorimini.it\/new_sito\/wp-json\/wp\/v2\/types\/page"}],"author":[{"embeddable":true,"href":"https:\/\/santagostinorimini.it\/new_sito\/wp-json\/wp\/v2\/users\/5"}],"replies":[{"embeddable":true,"href":"https:\/\/santagostinorimini.it\/new_sito\/wp-json\/wp\/v2\/comments?post=29884"}],"version-history":[{"count":20,"href":"https:\/\/santagostinorimini.it\/new_sito\/wp-json\/wp\/v2\/pages\/29884\/revisions"}],"predecessor-version":[{"id":36824,"href":"https:\/\/santagostinorimini.it\/new_sito\/wp-json\/wp\/v2\/pages\/29884\/revisions\/36824"}],"up":[{"embeddable":true,"href":"https:\/\/santagostinorimini.it\/new_sito\/wp-json\/wp\/v2\/pages\/1966"}],"wp:attachment":[{"href":"https:\/\/santagostinorimini.it\/new_sito\/wp-json\/wp\/v2\/media?parent=29884"}],"curies":[{"name":"wp","href":"https:\/\/api.w.org\/{rel}","templated":true}]}}