{"id":6610,"date":"2023-10-04T20:22:34","date_gmt":"2023-10-04T18:22:34","guid":{"rendered":"http:\/\/santagostinorimini.it\/new_sito\/?page_id=6610"},"modified":"2024-04-18T19:01:21","modified_gmt":"2024-04-18T17:01:21","slug":"lodi-mattutine","status":"publish","type":"page","link":"https:\/\/santagostinorimini.it\/new_sito\/beato-alberto-marvelli\/lodi-mattutine\/","title":{"rendered":"5 ottobre &#8211; Beato Alberto Marvelli &#8211; Lodi e Vespri"},"content":{"rendered":"\n<p class=\"has-text-align-left has-colibri-color-6-color has-text-color\"><br>Alberto Marvelli nacque a Ferrara il 21 marzo 1918, da una famiglia che era una vera chiesa domestica; visse e crebbe a Rimini, dove la sua famiglia si era trasferita. Ed il suo \u00e8 stato uno sforzo continuo per adeguare la propria condotta ai valori cristiani. In questo gli fu di grande aiuto l\u2019Oratorio salesiano, soprattutto dopo la morte del padre quando cadde sulle sue spalle la grave responsabilit\u00e0 di occuparsi della famiglia, divenendo quasi un secondo padre per i fratelli.<br>Il Diario, scritto tra il 1933 ed il 1946, ci rivela le motivazioni pi\u00f9 profonde dell\u2019opera evangelica di Marvelli, soprattutto perch\u00e9 possiamo entrare direttamente nel suo rapporto pi\u00f9 intimo con Dio. Il Diario comincia, infatti, con un incontro profondo con il Signore, frutto di un\u2019illuminazione improvvisa che caratterizzer\u00e0 la sua breve esistenza: \u201cLa via della perfezione \u00e8 difficile, lo so, ma con l\u2019aiuto di Ges\u00f9 nulla \u00e8 impossibile\u201d (Diario 1935).<br>Alberto \u00e8 uomo forte e dinamico, che medita come poter essere santo nella concretezza della vita quotidiana. Nel 1941 scrive: \u201cVoglio che la mia vita sia un continuo atto d\u2019amore (\u2026). Amore che sia fede, amore che sia carit\u00e0, apostolato, senso del dovere, desiderio di santificarmi\u201d. Ci\u00f2 che alimenta quest\u2019energia \u00e8 l\u2019Eucaristia. \u201cTutto il mio essere, annota nei suoi appunti, \u00e8 pervaso dall\u2019amore di Dio, in quanto Egli viene in me col suo corpo e con la sua anima e divinizza tutto il mio corpo, i miei pensieri, le mie azioni, le mie parole\u201d.<br>Quest\u2019intimit\u00e0 con Dio, raggiunta appunto attraverso l\u2019Eucaristia, fa s\u00ec che Alberto si apra agli altri, avvertendo le profonde ingiustizie, i peccati, le miserie del suo tempo. Il suo impegno \u00e8 straordinario e non conosce soste. Traspare un fervore di carit\u00e0, che si manifesta con un\u2019attenzione delicata ai problemi della gente. Durante la seconda guerra mondiale, Marvelli \u00e8 sempre in primo piano per aiutare i militari, i bisognosi, gli sfollati. \u00c8 stato attivo protagonista della vita ecclesiale, sociale e politica della sua citt\u00e0. Serv\u00ec Cristo nei poveri con fervido amore. Esercit\u00f2 un attivo apostolato in molteplici campi. Investito da un veicolo militare, mor\u00ec il 5 ottobre 1956.<br>\u00c8 stato beatificato da Giovanni Paolo II il 5 settembre 2004, a Loreto, in occasione del grande Convegno dell\u2019Azione Cattolica italiana.<\/p>\n\n\n\n<p class=\"has-text-align-left has-text-color\" style=\"color:#de0101\">Dal Comune dei santi: per un santo della carit\u00e0. Salmodia del giorno, dal Salterio.<\/p>\n\n\n\n<p class=\"has-text-align-left has-large-font-size\"><strong>Ufficio delle letture<\/strong><\/p>\n\n\n\n<p class=\"has-text-align-left has-medium-font-size\"><strong>SECONDA LETTURA<\/strong><\/p>\n\n\n\n<p class=\"has-text-align-left has-text-color has-medium-font-size\" style=\"color:#da0303\">Dal Diario del beato Alberto Marvelli<\/p>\n\n\n\n<p class=\"has-text-align-left has-colibri-color-6-color has-text-color\">(Diario e Lettere. La spiritualit\u00e0 di un laico cattolico,<br>a cura di F. Lanfranchi, San Paolo, Cinisello B. (MI) 2005, passim)<\/p>\n\n\n\n<p class=\"has-text-align-left has-colibri-color-6-color has-text-color has-medium-font-size\"><em>Farsi santi con una viva sensibilit\u00e0 ai fenomeni spirituali, politici, sociali, religiosi<\/em><\/p>\n\n\n\n<p class=\"has-text-align-left has-colibri-color-6-color has-text-color has-medium-font-size\">Una meta mi sono prefisso di raggiungere, oggi, ad ogni costo, con l&#8217;aiuto di Dio. Meta alta, sublime, radiosa, preziosa, desiderata da tempo, ma finora mai attuata. Essere santo, apostolo, caritatevole,  studioso, puro, forte. Non stare mai un attimo in ozio. Forse \u00e8 presunzione? Forse credo di essere cos\u00ec forte da riuscire? Lo sai, o Signore, nulla io posso da me.<br>Ogni qualvolta mi accosto alla S. Comunione, ogni qualvolta Ges\u00f9 nella sua Divinit\u00e0 ed Umanit\u00e0 entra in me, a contatto con la mia anima, \u00e8 un accendersi di santi propositi, \u00e8 come un fuoco che arde, il quale entri nel mio cuore, una fiamma che brucia e che consuma, ma che mi rende cos\u00ec felice. Allora mi abbandono tutto ad un colloquio intimo con Ges\u00f9; la mia umanit\u00e0 scompare, potrei dire, l\u00ec vicino a lui. Ges\u00f9 vive in me; Ges\u00f9 \u00e8 nel mio cuore; Ges\u00f9 lascia il cielo per entrare nel mio indegnissimo corpo. Ges\u00f9, dammi la tua volont\u00e0, la tua fermezza nei propositi, il tuo amore immenso per gli uomini e le loro miserie, il tuo senso totale e soprannaturale di apostolato. Ges\u00f9 mi ha avvolto con la Sua luce, mi ha circondato, non vedo pi\u00f9 che Lui, non penso che a Lui; tutto il mondo attorno sparisce, si resta soli con Lui, Lo si prega che sempre prolunghi quegli attimi, che mai sparisca dal nostro sguardo, che sempre ci sia presente a ricordarci il nostro dovere. <br>\u00c8 inutile pretendere di voler farsi santi, di voler essere apostoli, di apparire attivi lavoratori se non si medita, se si corre dietro ad ogni pensiero anche frivolo, se non si \u00e8 capaci di imporsi un pi\u00f9 vivo raccoglimento, un senso critico buono di osservazione, un&#8217;autonomia di riflessione nell&#8217;esame dei problemi, una sensibilit\u00e0 viva per tutti quei fenomeni spirituali, politici, sociali, religiosi che si verificano intorno a noi.<br>Come sono passati per me questi anni? Quali progressi ho fatto nella vita spirituale? Gli avvenimenti, i dolori, le sofferenze, i sacrifici, le gioie hanno saputo insegnarmi qualche cosa, hanno accresciuto la mia fede, la speranza, la carit\u00e0? Sono progredito, insomma, o sono rimasto staticamente fermo, o peggio, ho peggiorato? Voglio analizzare a fondo la vita di questi anni, l&#8217;attuale tenore spirituale, voglio fare un accurato e meticoloso esame di coscienza, necessario dopo tanto tempo. Voglio abituarmi di nuovo a riflettere, a pensare, a meditare, perch\u00e9 sento purtroppo che l&#8217;attivit\u00e0 intensa di questi ultimi anni \u00e8<br>andata a discapito della vita interiore.<br>Tutte le idee vengono dagli altri, io sembra che faccia tutto e faccio niente, figuro un attivo, degno di essere additato ad esempio, e giro a vuoto, brancolando qua e l\u00e0 come un mulino a vento, senza concludere. Non do un tono alle mie attivit\u00e0, mi sembrano estranee, pur essendo desideroso di vivere per esse. Forse \u00e8 il troppo lavoro professionale, le preoccupazioni materiali presenti e dell&#8217;avvenire? Bisogna abituarsi ad esaminare ogni idea, a studiare, a meditare e ripensare. Il Signore mi ha dato una intelligenza, una volont\u00e0, una ragione: ebbene, queste devo adoperarle, tenerle in esercizio, farle funzionare. Se non si<br>adoperano, si arrugginiscono e si finisce per essere delle nullit\u00e0. <\/p>\n\n\n\n<p class=\"has-text-align-left has-colibri-color-6-color has-text-color has-medium-font-size\">RESPONSORIO Prov 23,26; 1,9; 5,1 <\/p>\n\n\n\n<p class=\"has-text-align-left has-colibri-color-6-color has-text-color has-medium-font-size\">R\/. Figlio mio, volgi a me il tuo cuore, e i tuoi occhi seguano le mie indicazioni: * diventerai un uomo perfetto.<br>V\/. Fa attenzione alla mia sapienza, porgi l\u2019orecchio ai miei consigli.<br>R\/. diventerai un uomo perfetto.<\/p>\n\n\n\n<p class=\"has-text-align-left has-colibri-color-6-color has-text-color has-medium-font-size\">ORAZIONE<\/p>\n\n\n\n<p class=\"has-text-align-left has-colibri-color-6-color has-text-color has-medium-font-size\">Preghiamo. O Dio, fonte di vita e santit\u00e0,<br>che hai suscitato nel beato Alberto<br>un ardente amore per i poveri<br>e un generoso impegno nell\u2019amministrazione della comunit\u00e0 civile,<br>concedi propizio a noi, per sua intercessione, di imitarne l\u2019esempio.<br>Per Cristo nostro Signore.<\/p>\n\n\n\n<p class=\"has-text-align-left has-colibri-color-6-color has-text-color has-medium-font-size\"><\/p>\n\n\n\n<p class=\"has-text-align-left has-text-color has-medium-font-size\" style=\"color:#b70909\"><br>Dal Comune dei santi: per un santo della carit\u00e0. Salmodia del giorno, dal Salterio.<\/p>\n\n\n\n<p class=\"has-text-align-left has-large-font-size\"><strong>Lodi mattutine<\/strong><\/p>\n\n\n\n<p class=\"has-text-align-left has-colibri-color-6-color has-text-color has-medium-font-size\">Inno <\/p>\n\n\n\n<p class=\"has-text-align-left has-colibri-color-6-color has-text-color has-medium-font-size\">Uniamoci, o fratelli,<br>con cuore puro e ardente<br>alla lode festosa<br>della Chiesa di Cristo.<\/p>\n\n\n\n<p class=\"has-text-align-left has-colibri-color-6-color has-text-color has-medium-font-size\">In questo giorno santo<br>la carit\u00e0 divina<br>congiunge Alberto<br>al regno dei beati.<\/p>\n\n\n\n<p class=\"has-text-align-left has-colibri-color-6-color has-text-color has-medium-font-size\">La fiamma dello Spirito<br>ha impresso nel suo cuore<br>il sigillo indelebile<br>dell\u2019amore di Dio.<\/p>\n\n\n\n<p class=\"has-text-align-left has-colibri-color-6-color has-text-color has-medium-font-size\">Egli \u00e8 modello e guida<br>a coloro che servono<br>le membra sofferenti<br>del corpo del Signore.<\/p>\n\n\n\n<p class=\"has-text-align-left has-colibri-color-6-color has-text-color has-medium-font-size\">Dolce amico dei poveri,<br>intercedi per noi;<br>sostieni i nostri passi<br>nella via dell\u2019Amore.<\/p>\n\n\n\n<p class=\"has-text-align-left has-colibri-color-6-color has-text-color has-medium-font-size\">A te sia lode, o Cristo,<br>immagine del Padre,<br>che sveli nei tuoi santi<br>la forza dello Spirito. Amen.<\/p>\n\n\n\n<p class=\"has-text-align-left has-colibri-color-6-color has-text-color has-medium-font-size\"><\/p>\n\n\n\n<p class=\"has-text-align-left has-colibri-color-6-color has-text-color has-medium-font-size\">1 ant.&nbsp;&nbsp;&nbsp;&nbsp;&nbsp;Risveglia, o Dio, la tua potenza,<br>fa&#8217; splendere il tuo volto e noi saremo salvi.<\/p>\n\n\n\n<p class=\"has-text-align-left has-colibri-color-2-color has-text-color has-medium-font-size\">SALMO&nbsp;79&nbsp;Visita o Signore la tua vigna<br>Vieni, Signore, Ges\u00f9 (Ap 22, 20).<\/p>\n\n\n\n<p class=\"has-text-align-left has-colibri-color-6-color has-text-color has-medium-font-size\">Tu, pastore d&#8217;Israele, ascolta, *<br>&nbsp;&nbsp;&nbsp;&nbsp;tu che guidi Giuseppe come un gregge.<br>Assiso sui cherubini rifulgi *<br>&nbsp;&nbsp;&nbsp;&nbsp;davanti a \u00c9fraim, Beniamino e Manasse.<\/p>\n\n\n\n<p class=\"has-text-align-left has-colibri-color-6-color has-text-color has-medium-font-size\">Risveglia la tua potenza *<br>&nbsp;&nbsp;&nbsp;&nbsp;e vieni in nostro soccorso.<\/p>\n\n\n\n<p class=\"has-text-align-left has-colibri-color-6-color has-text-color has-medium-font-size\">Rialzaci, Signore, nostro Dio, *<br>&nbsp;&nbsp;&nbsp;&nbsp;fa&#8217; splendere il tuo volto e noi saremo salvi.<\/p>\n\n\n\n<p class=\"has-text-align-left has-colibri-color-6-color has-text-color has-medium-font-size\">Signore, Dio degli eserciti, \u2020<br>&nbsp;&nbsp;&nbsp;&nbsp;fino a quando fremerai di sdegno *<br>&nbsp;&nbsp;&nbsp;&nbsp;contro le preghiere del tuo popolo?<\/p>\n\n\n\n<p class=\"has-text-align-left has-colibri-color-6-color has-text-color has-medium-font-size\">Tu ci nutri con pane di lacrime, *<br>&nbsp;&nbsp;&nbsp;&nbsp;ci fai bere lacrime in abbondanza.<br>Ci hai fatto motivo di contesa per i vicini, *<br>&nbsp;&nbsp;&nbsp;&nbsp;e i nostri nemici ridono di noi.<\/p>\n\n\n\n<p class=\"has-text-align-left has-colibri-color-6-color has-text-color has-medium-font-size\">Rialzaci, Dio degli eserciti, *<br>&nbsp;&nbsp;&nbsp;&nbsp;fa&#8217; risplendere il tuo volto e noi saremo salvi.<\/p>\n\n\n\n<p class=\"has-text-align-left has-colibri-color-6-color has-text-color has-medium-font-size\">Hai divelto una vite dall&#8217;Egitto, *<br>&nbsp;&nbsp;&nbsp;&nbsp;per trapiantarla hai espulso i popoli.<br>Le hai preparato il terreno, *<br>&nbsp;&nbsp;&nbsp;&nbsp;hai affondato le sue radici e ha riempito la terra.<\/p>\n\n\n\n<p class=\"has-text-align-left has-colibri-color-6-color has-text-color has-medium-font-size\">La sua ombra copriva le montagne *<br>&nbsp;&nbsp;&nbsp;&nbsp;e i suoi rami i pi\u00f9 alti cedri.<br>Ha esteso i suoi tralci fino al mare *<br>&nbsp;&nbsp;&nbsp;&nbsp;e arrivavano al fiume i suoi germogli.<\/p>\n\n\n\n<p class=\"has-text-align-left has-colibri-color-6-color has-text-color has-medium-font-size\">Perch\u00e9 hai abbattuto la sua cinta *<br>&nbsp;&nbsp;&nbsp;&nbsp;e ogni viandante ne fa vendemmia?<br>La devasta il cinghiale del bosco *<br>&nbsp;&nbsp;&nbsp;&nbsp;e se ne pasce l&#8217;animale selvatico.<\/p>\n\n\n\n<p class=\"has-text-align-left has-colibri-color-6-color has-text-color has-medium-font-size\">Dio degli eserciti, volgiti, *<br>&nbsp;&nbsp;&nbsp;&nbsp;guarda dal cielo e vedi e visita questa vigna,<br>proteggi il ceppo che la tua destra ha piantato, *<br>&nbsp;&nbsp;&nbsp;&nbsp;il germoglio che ti sei coltivato.<\/p>\n\n\n\n<p class=\"has-text-align-left has-colibri-color-6-color has-text-color has-medium-font-size\">Quelli che l&#8217;arsero col fuoco e la recisero, *<br>&nbsp;&nbsp;&nbsp;&nbsp;periranno alla minaccia del tuo volto.<\/p>\n\n\n\n<p class=\"has-text-align-left has-colibri-color-6-color has-text-color has-medium-font-size\">Sia la tua mano sull&#8217;uomo della tua destra, *<br>&nbsp;&nbsp;&nbsp;&nbsp;sul figlio dell&#8217;uomo che per te hai reso forte.<\/p>\n\n\n\n<p class=\"has-text-align-left has-colibri-color-6-color has-text-color has-medium-font-size\">Da te pi\u00f9 non ci allontaneremo, *<br>&nbsp;&nbsp;&nbsp;&nbsp;ci farai vivere e invocheremo il tuo nome.<\/p>\n\n\n\n<p class=\"has-text-align-left has-colibri-color-6-color has-text-color has-medium-font-size\">Rialzaci, Signore, Dio degli eserciti, *<br>&nbsp;&nbsp;&nbsp;&nbsp;fa&#8217; splendere il tuo volto e noi saremo salvi.<\/p>\n\n\n\n<p class=\"has-text-align-left has-colibri-color-6-color has-text-color has-medium-font-size\">Gloria al Padre e al Figlio *<br>&nbsp;&nbsp;&nbsp;&nbsp;e allo Spirito Santo.<\/p>\n\n\n\n<p class=\"has-text-align-left has-colibri-color-6-color has-text-color has-medium-font-size\">Come era nel principio, e ora e sempre *<br>&nbsp;&nbsp;&nbsp;&nbsp;nei secoli dei secoli. Amen.<\/p>\n\n\n\n<p class=\"has-text-align-left has-colibri-color-6-color has-text-color has-medium-font-size\">1 ant.&nbsp;&nbsp;&nbsp;&nbsp;&nbsp;Risveglia, o Dio, la tua potenza,<br>fa&#8217; splendere il tuo volto e noi saremo salvi.<\/p>\n\n\n\n<p class=\"has-text-align-left has-colibri-color-6-color has-text-color has-medium-font-size\">2 ant.&nbsp;&nbsp;&nbsp;&nbsp;&nbsp;Grandi cose ha compiuto il Signore,<br>sappiano i popoli le sue imprese.<\/p>\n\n\n\n<p class=\"has-text-align-left has-colibri-color-2-color has-text-color has-medium-font-size\">CANTICO&nbsp;Is 12, 1-6&nbsp;Esultanza del popolo redento<br>Chi ha sete venga a me e beva (Gv 7, 37).<\/p>\n\n\n\n<p class=\"has-text-align-left has-colibri-color-6-color has-text-color has-medium-font-size\">Ti ringrazio, Signore; \u2020<br>&nbsp;&nbsp;&nbsp;&nbsp;tu eri con me adirato, *<br>&nbsp;&nbsp;&nbsp;&nbsp;ma la tua collera si \u00e8 calmata<br>&nbsp;&nbsp;&nbsp;&nbsp;&nbsp;&nbsp;&nbsp;&nbsp;e tu mi hai consolato.<\/p>\n\n\n\n<p class=\"has-text-align-left has-colibri-color-6-color has-text-color has-medium-font-size\">Ecco, Dio \u00e8 la mia salvezza; *<br>&nbsp;&nbsp;&nbsp;&nbsp;io confider\u00f2, non avr\u00f2 mai timore,<br>perch\u00e9 mia forza e mio canto \u00e8 il Signore;*<br>&nbsp;&nbsp;&nbsp;&nbsp;egli \u00e8 stato la mia salvezza.<\/p>\n\n\n\n<p class=\"has-text-align-left has-colibri-color-6-color has-text-color has-medium-font-size\">Attingerete acqua con gioia *<br>&nbsp;&nbsp;&nbsp;&nbsp;alle sorgenti della salvezza.<\/p>\n\n\n\n<p class=\"has-text-align-left has-colibri-color-6-color has-text-color has-medium-font-size\">In quel giorno direte: *<br>&nbsp;&nbsp;&nbsp;&nbsp;\u00abLodate il Signore, invocate il suo nome;<br>manifestate tra i popoli le sue meraviglie, *<br>&nbsp;&nbsp;&nbsp;&nbsp;proclamate che il suo nome \u00e8 sublime.<\/p>\n\n\n\n<p class=\"has-text-align-left has-colibri-color-6-color has-text-color has-medium-font-size\">Cantate inni al Signore,<br>&nbsp;&nbsp;&nbsp;&nbsp;&nbsp;&nbsp;&nbsp;&nbsp;perch\u00e9 ha fatto opere grandi, *<br>&nbsp;&nbsp;&nbsp;&nbsp;ci\u00f2 sia noto in tutta la terra.<\/p>\n\n\n\n<p class=\"has-text-align-left has-colibri-color-6-color has-text-color has-medium-font-size\">Gridate giulivi ed esultate, abitanti di Sion, *<br>&nbsp;&nbsp;&nbsp;&nbsp;perch\u00e9 grande in mezzo a voi<br>&nbsp;&nbsp;&nbsp;&nbsp;&nbsp;&nbsp;&nbsp;&nbsp;\u00e8 il Santo di Israele\u00bb.<\/p>\n\n\n\n<p class=\"has-text-align-left has-colibri-color-6-color has-text-color has-medium-font-size\">Gloria al Padre e al Figlio *<br>&nbsp;&nbsp;&nbsp;&nbsp;e allo Spirito Santo.<\/p>\n\n\n\n<p class=\"has-text-align-left has-colibri-color-6-color has-text-color has-medium-font-size\">Come era nel principio, e ora e sempre *<br>&nbsp;&nbsp;&nbsp;&nbsp;nei secoli dei secoli. Amen.<\/p>\n\n\n\n<p class=\"has-text-align-left has-colibri-color-6-color has-text-color has-medium-font-size\">2 ant.&nbsp;&nbsp;&nbsp;&nbsp;&nbsp;Grandi cose ha compiuto il Signore,<br>sappiano i popoli le sue imprese.<\/p>\n\n\n\n<p class=\"has-text-align-left has-colibri-color-6-color has-text-color has-medium-font-size\">3 ant.&nbsp;&nbsp;&nbsp;&nbsp;&nbsp;Esultate in Dio, nostra forza.&nbsp;\u2020<\/p>\n\n\n\n<p class=\"has-text-align-left has-colibri-color-2-color has-text-color has-medium-font-size\">SALMO&nbsp;80&nbsp;Solenne rinnovazione dell&#8217;Alleanza<br>Guardate, fratelli, che non si trovi in nessuno di voi un cuore perverso e senza fede (Eb 3, 12).<\/p>\n\n\n\n<p class=\"has-text-align-left has-colibri-color-6-color has-text-color has-medium-font-size\">Esultate in Dio, nostra forza, *<br>&nbsp;&nbsp;&nbsp;&nbsp;\u2020&nbsp;acclamate al Dio di Giacobbe.<br>Intonate il canto e suonate il timpano, *<br>&nbsp;&nbsp;&nbsp;&nbsp;la cetra melodiosa con l&#8217;arpa.<\/p>\n\n\n\n<p class=\"has-text-align-left has-colibri-color-6-color has-text-color has-medium-font-size\">Suonate la tromba nel plenilunio, *<br>&nbsp;&nbsp;&nbsp;&nbsp;nostro giorno di festa.<br>Questa \u00e8 una legge per Israele, *<br>&nbsp;&nbsp;&nbsp;&nbsp;un decreto del Dio di Giacobbe.<\/p>\n\n\n\n<p class=\"has-text-align-left has-colibri-color-6-color has-text-color has-medium-font-size\">Lo ha dato come testimonianza a Giuseppe, *<br>&nbsp;&nbsp;&nbsp;&nbsp;quando usciva dal paese d&#8217;Egitto.<\/p>\n\n\n\n<p class=\"has-text-align-left has-colibri-color-6-color has-text-color has-medium-font-size\">Un linguaggio mai inteso io sento: \u2020<br>&nbsp;&nbsp;&nbsp;&nbsp;\u00abHo liberato dal peso la sua spalla, *<br>&nbsp;&nbsp;&nbsp;&nbsp;le sue mani hanno deposto la cesta.<\/p>\n\n\n\n<p class=\"has-text-align-left has-colibri-color-6-color has-text-color has-medium-font-size\">Hai gridato a me nell&#8217;angoscia e io ti ho liberato, \u2020<br>&nbsp;&nbsp;&nbsp;&nbsp;avvolto nella nube ti ho dato risposta, *<br>&nbsp;&nbsp;&nbsp;&nbsp;ti ho messo alla prova alle acque di Meriba.<\/p>\n\n\n\n<p class=\"has-text-align-left has-colibri-color-6-color has-text-color has-medium-font-size\">Ascolta, popolo mio, ti voglio ammonire; *<br>&nbsp;&nbsp;&nbsp;&nbsp;Israele, se tu mi ascoltassi!<br>Non ci sia in mezzo a te un altro dio *<br>&nbsp;&nbsp;&nbsp;&nbsp;e non prostrarti a un dio straniero.<\/p>\n\n\n\n<p class=\"has-text-align-left has-colibri-color-6-color has-text-color has-medium-font-size\">Sono io il Signore tuo Dio, \u2020<br>&nbsp;&nbsp;&nbsp;&nbsp;che ti ho fatto uscire dal paese d&#8217;Egitto; *<br>&nbsp;&nbsp;&nbsp;&nbsp;apri la tua bocca, la voglio riempire.<\/p>\n\n\n\n<p class=\"has-text-align-left has-colibri-color-6-color has-text-color has-medium-font-size\">Ma il mio popolo non ha ascoltato la mia voce, *<br>&nbsp;&nbsp;&nbsp;&nbsp;Israele non mi ha obbedito.<br>L&#8217;ho abbandonato alla durezza del suo cuore, *<br>&nbsp;&nbsp;&nbsp;&nbsp;che seguisse il proprio consiglio.<\/p>\n\n\n\n<p class=\"has-text-align-left has-colibri-color-6-color has-text-color has-medium-font-size\">Se il mio popolo mi ascoltasse, *<br>&nbsp;&nbsp;&nbsp;&nbsp;se Israele camminasse per le mie vie!<br>Subito piegherei i suoi nemici *<br>&nbsp;&nbsp;&nbsp;&nbsp;e contro i suoi avversari porterei la mia mano.<\/p>\n\n\n\n<p class=\"has-text-align-left has-colibri-color-6-color has-text-color has-medium-font-size\">I nemici del Signore gli sarebbero sottomessi *<br>&nbsp;&nbsp;&nbsp;&nbsp;e la loro sorte sarebbe segnata per sempre;<br>li nutrirei con fiore di frumento, *<br>&nbsp;&nbsp;&nbsp;&nbsp;li sazierei con miele di roccia\u00bb.<\/p>\n\n\n\n<p class=\"has-text-align-left has-colibri-color-6-color has-text-color has-medium-font-size\">Gloria al Padre e al Figlio *<br>&nbsp;&nbsp;&nbsp;&nbsp;e allo Spirito Santo.<\/p>\n\n\n\n<p class=\"has-text-align-left has-colibri-color-6-color has-text-color has-medium-font-size\">Come era nel principio, e ora e sempre *<br>&nbsp;&nbsp;&nbsp;&nbsp;nei secoli dei secoli. Amen.<\/p>\n\n\n\n<p class=\"has-text-align-left has-colibri-color-6-color has-text-color has-medium-font-size\">3 ant.&nbsp;&nbsp;&nbsp;&nbsp;&nbsp;Esultate in Dio, nostra forza.<\/p>\n\n\n\n<p class=\"has-text-align-left has-colibri-color-6-color has-text-color has-medium-font-size\"><br>LETTURA BREVE Rm 12, 1-2<\/p>\n\n\n\n<p class=\"has-text-align-left has-colibri-color-6-color has-text-color has-medium-font-size\">Vi esorto, fratelli, per la misericordia di Dio, a offrire i vostri corpi come sacrificio vivente, santo e gradito a Dio; \u00e8 questo il vostro culto spirituale. Non conformatevi a questo mondo, ma lasciatevi trasformare rinnovando il vostro modo di pensare, per poter discernere la volont\u00e0 di Dio, ci\u00f2 che \u00e8 buono, a lui gradito e perfetto.<\/p>\n\n\n\n<p class=\"has-text-align-left has-colibri-color-6-color has-text-color has-medium-font-size\"><br>RESPONSORIO BREVE<\/p>\n\n\n\n<p class=\"has-text-align-left has-colibri-color-6-color has-text-color has-medium-font-size\">R\/. Il cuore dei santi, * nella legge di Dio.<br>Il cuore dei santi, nella legge di Dio.<br>V\/. Diritto e sicuro \u00e8 il loro cammino<br>* nella legge di Dio.<br>Gloria al Padre e al Figlio e allo Spirito Santo.<br>Il cuore dei santi, nella legge di Dio.<br><\/p>\n\n\n\n<p class=\"has-text-align-left has-colibri-color-6-color has-text-color has-medium-font-size\">Ant. al Ben. Da questo sapranno che siete miei discepoli,<br>se avrete amore gli uni per gli altri.<br><\/p>\n\n\n\n<p class=\"has-text-align-left has-colibri-color-6-color has-text-color has-medium-font-size\"><strong>CANTICO DI ZACCARIA&nbsp;<\/strong>(Lc 1,68-79)<\/p>\n\n\n\n<p class=\"has-text-align-left has-colibri-color-6-color has-text-color has-medium-font-size\">Benedetto il Signore Dio d\u2019Israele, *<br>perch\u00e9 ha visitato e redento il suo popolo,<\/p>\n\n\n\n<p class=\"has-text-align-left has-colibri-color-6-color has-text-color has-medium-font-size\">e ha suscitato per noi una salvezza potente *<br>nella casa di Davide, suo servo,<\/p>\n\n\n\n<p class=\"has-text-align-left has-colibri-color-6-color has-text-color has-medium-font-size\">come aveva promesso *<br>per bocca dei suoi santi profeti d\u2019un tempo:<\/p>\n\n\n\n<p class=\"has-text-align-left has-colibri-color-6-color has-text-color has-medium-font-size\">salvezza dai nostri nemici, *<br>e dalle mani di quanti ci odiano.<\/p>\n\n\n\n<p class=\"has-text-align-left has-colibri-color-6-color has-text-color has-medium-font-size\">Cos\u00ec egli ha concesso misericordia ai nostri padri *<br>e si \u00e8 ricordato della sua santa alleanza,<\/p>\n\n\n\n<p class=\"has-text-align-left has-colibri-color-6-color has-text-color has-medium-font-size\">del giuramento fatto ad Abramo, nostro padre,<br>di concederci, liberati dalle mani dei nemici,<\/p>\n\n\n\n<p class=\"has-text-align-left has-colibri-color-6-color has-text-color has-medium-font-size\">di servirlo senza timore, in santit\u00e0 e giustizia *<br>al suo cospetto, per tutti i nostri giorni.<\/p>\n\n\n\n<p class=\"has-text-align-left has-colibri-color-6-color has-text-color has-medium-font-size\">E tu, bambino, sarai chiamato profeta dell\u2019Altissimo *<br>perch\u00e9 andrai innanzi al Signore<br>a preparargli le strade,<\/p>\n\n\n\n<p class=\"has-text-align-left has-colibri-color-6-color has-text-color has-medium-font-size\">per dare al suo popolo la conoscenza della salvezza *<br>nella remissione dei suoi peccati,<\/p>\n\n\n\n<p class=\"has-text-align-left has-colibri-color-6-color has-text-color has-medium-font-size\">grazie alla bont\u00e0 misericordiosa del nostro Dio, *<br>per cui verr\u00e0 a visitarci dall\u2019alto un sole che sorge<\/p>\n\n\n\n<p class=\"has-text-align-left has-colibri-color-6-color has-text-color has-medium-font-size\">per rischiarare quelli che stanno nelle tenebre *<br>e nell\u2019ombra della morte<\/p>\n\n\n\n<p class=\"has-text-align-left has-colibri-color-6-color has-text-color has-medium-font-size\">e dirigere i nostri passi *<br>sulla via della pace.<\/p>\n\n\n\n<p class=\"has-text-align-left has-colibri-color-6-color has-text-color has-medium-font-size\">Gloria al Padre e al Figlio *<br>e allo Spirito Santo.<\/p>\n\n\n\n<p class=\"has-text-align-left has-colibri-color-6-color has-text-color has-medium-font-size\">Come era nel principio, e ora e sempre *<br>nei secoli dei secoli. Amen.<\/p>\n\n\n\n<p class=\"has-text-align-left has-colibri-color-6-color has-text-color has-medium-font-size\"><\/p>\n\n\n\n<p class=\"has-text-align-left has-colibri-color-6-color has-text-color has-medium-font-size\">Ant. al Ben. Da questo sapranno che siete miei discepoli,<br>se avrete amore gli uni per gli altri.<\/p>\n\n\n\n<p class=\"has-text-align-left has-colibri-color-6-color has-text-color has-medium-font-size\"><\/p>\n\n\n\n<p class=\"has-text-align-left has-colibri-color-6-color has-text-color has-medium-font-size\">INVOCAZIONI<\/p>\n\n\n\n<p class=\"has-text-align-left has-colibri-color-6-color has-text-color has-medium-font-size\">La liturgia di lode ci invita a presentare a Dio, fonte di ogni benedizione, quel canto che si eleva alla Trinit\u00e0 con la nostra vita. Sorretti dall\u2019intercessione del beato Alberto Marvelli, presentiamo le nostre invocazioni:<\/p>\n\n\n\n<p class=\"has-text-align-left has-colibri-color-6-color has-text-color has-medium-font-size\"><strong>Santo sei tu, Signore, Dio della vita.<\/strong><\/p>\n\n\n\n<p class=\"has-text-align-left has-colibri-color-6-color has-text-color has-medium-font-size\"><br>In ogni tempo tu doni alla tua Chiesa uomini e donne capaci di scelte di vita fino all\u2019eroismo:<br>\u2013 sostieni il nostro cammino quotidiano fra le difficolt\u00e0 di ogni giorno.<\/p>\n\n\n\n<p class=\"has-text-align-left has-colibri-color-6-color has-text-color has-medium-font-size\">La societ\u00e0 umana ha bisogno di persone che, come il beato Alberto, si dedichino al bene comune:<br>\u2013 illumina coloro che operano in ambito politico, sociale e umanitario.<\/p>\n\n\n\n<p class=\"has-text-align-left has-colibri-color-6-color has-text-color has-medium-font-size\">L\u2019attenzione ai poveri, agli esclusi, agli ammalati, agli emarginati di ogni genere richiede apertura di cuore:<br>\u2013 benedici tutti coloro che si dedicano ad alleviare le prove dei fratelli pi\u00f9 bisognosi.<\/p>\n\n\n\n<p class=\"has-text-align-left has-colibri-color-6-color has-text-color has-medium-font-size\">La vitalit\u00e0 della Chiesa si manifesta anche attraverso le diverse forme di associazionismo e di movimenti:<br>\u2013 rendi operativi i progetti di bene che animano coloro che ne fanno parte con vero atteggiamento di servizio.<\/p>\n\n\n\n<p class=\"has-text-align-left has-colibri-color-6-color has-text-color has-medium-font-size\">La spiritualit\u00e0 laicale richiede educatori santi che sappiano formare alla vita evangelica e alla partecipazione ai sacramenti:<br>\u2013 dona alla tua Chiesa e alla societ\u00e0 formatori di coscienze e pastori che sappiano celebrare i divini misteri.<\/p>\n\n\n\n<p class=\"has-text-align-left has-colibri-color-6-color has-text-color has-medium-font-size\">Padre nostro&#8230;..<\/p>\n\n\n\n<p class=\"has-text-align-left has-colibri-color-6-color has-text-color has-medium-font-size\">ORAZIONE<\/p>\n\n\n\n<p class=\"has-text-align-left has-colibri-color-6-color has-text-color has-medium-font-size\">O Dio, fonte di vita e santit\u00e0,<br>che hai suscitato nel beato Alberto<br>un ardente amore per i poveri<br>e un generoso impegno nell\u2019amministrazione della comunit\u00e0 civile,<br>concedi propizio a noi, per sua intercessione, di imitarne l\u2019esempio.<br>Per il nostro Signore.<\/p>\n\n\n\n<p class=\"has-text-align-left has-colibri-color-6-color has-text-color has-medium-font-size\"><\/p>\n\n\n\n<p class=\"has-text-align-left has-colibri-color-6-color has-text-color has-medium-font-size\"><\/p>\n\n\n\n<p class=\"has-text-align-left has-large-font-size\"><strong>Vespri<\/strong><\/p>\n\n\n\n<p class=\"has-text-align-left has-text-color\" style=\"color:#d90000\"><em>Dal Comune dei santi: per un santo della carit\u00e0. Salmodia del giorno, dal Salterio.<\/em><\/p>\n\n\n\n<p class=\"has-text-align-left has-colibri-color-6-color has-text-color has-medium-font-size\"><strong>Inno<\/strong><br>Ges\u00f9, premio e corona<br>dei tuoi servi fedeli,<br>glorifica il tuo nome.<\/p>\n\n\n\n<p class=\"has-text-align-left has-colibri-color-6-color has-text-color has-medium-font-size\">Concedi alla tua Chiesa,<br>che venera il beato Alberto,<br>la vittoria sul male.<\/p>\n\n\n\n<p class=\"has-text-align-left has-colibri-color-6-color has-text-color has-medium-font-size\">Seguendo le tue orme<br>sulla via della croce,<br>egli piacque a Dio Padre.<\/p>\n\n\n\n<p class=\"has-text-align-left has-colibri-color-6-color has-text-color has-medium-font-size\">Sapiente e vigilante,<br>testimoni\u00f2 il Vangelo<br>in parole e in opere.<\/p>\n\n\n\n<p class=\"has-text-align-left has-colibri-color-6-color has-text-color has-medium-font-size\">Dalla citt\u00e0 dei santi,<br>dove regna glorioso,<br>ci guidi e ci protegga.<\/p>\n\n\n\n<p class=\"has-text-align-left has-colibri-color-6-color has-text-color has-medium-font-size\">A te Cristo sia lode,<br>al Padre e allo Spirito<br>nei secoli dei secoli. Amen.<\/p>\n\n\n\n<p class=\"has-text-align-left has-colibri-color-6-color has-text-color has-medium-font-size\">1 ant.&nbsp;&nbsp;&nbsp;&nbsp;&nbsp;Ti ho voluto come luce delle nazioni: tu porterai la salvezza ai confini del mondo.<\/p>\n\n\n\n<p class=\"has-text-align-left has-colibri-color-2-color has-text-color has-medium-font-size\">SALMO&nbsp;71, 1-11 (I)&nbsp;Il potere regale del Messia<br>Aperti i loro scrigni, gli offrirono in dono oro, incenso e mirra (Mt 2, 11).<\/p>\n\n\n\n<p class=\"has-text-align-left has-colibri-color-6-color has-text-color has-medium-font-size\">Dio, da&#8217; al re il tuo giudizio, *<br>&nbsp;&nbsp;&nbsp;&nbsp;al figlio del re la tua giustizia;<br>regga con giustizia il tuo popolo *<br>&nbsp;&nbsp;&nbsp;&nbsp;e i tuoi poveri con rettitudine.<\/p>\n\n\n\n<p class=\"has-text-align-left has-colibri-color-6-color has-text-color has-medium-font-size\">Le montagne portino pace al popolo *<br>&nbsp;&nbsp;&nbsp;&nbsp;e le colline giustizia.<\/p>\n\n\n\n<p class=\"has-text-align-left has-colibri-color-6-color has-text-color has-medium-font-size\">Ai miseri del suo popolo render\u00e0 giustizia, \u2020<br>&nbsp;&nbsp;&nbsp;&nbsp;salver\u00e0 i figli dei poveri *<br>&nbsp;&nbsp;&nbsp;&nbsp;e abbatter\u00e0 l&#8217;oppressore.<\/p>\n\n\n\n<p class=\"has-text-align-left has-colibri-color-6-color has-text-color has-medium-font-size\">Il suo regno durer\u00e0 quanto il sole, *<br>&nbsp;&nbsp;&nbsp;&nbsp;quanto la luna, per tutti i secoli.<br>Scender\u00e0 come pioggia sull&#8217;erba, *<br>&nbsp;&nbsp;&nbsp;&nbsp;come acqua che irrora la terra.<\/p>\n\n\n\n<p class=\"has-text-align-left has-colibri-color-6-color has-text-color has-medium-font-size\">Nei suoi giorni fiorir\u00e0 la giustizia \u2020<br>&nbsp;&nbsp;&nbsp;&nbsp;e abbonder\u00e0 la pace, *<br>&nbsp;&nbsp;&nbsp;&nbsp;finch\u00e9 non si spenga la luna.<\/p>\n\n\n\n<p class=\"has-text-align-left has-colibri-color-6-color has-text-color has-medium-font-size\">E dominer\u00e0 da mare a mare, *<br>&nbsp;&nbsp;&nbsp;&nbsp;dal fiume sino ai confini della terra.<br>A lui si piegheranno gli abitanti del deserto, *<br>&nbsp;&nbsp;&nbsp;&nbsp;lambiranno la polvere i suoi nemici.<\/p>\n\n\n\n<p class=\"has-text-align-left has-colibri-color-6-color has-text-color has-medium-font-size\">Il re di Tarsis e delle isole porteranno offerte, *<br>&nbsp;&nbsp;&nbsp;&nbsp;i re degli Arabi e di Saba offriranno tributi.<br>A lui tutti i re si prostreranno, *<br>&nbsp;&nbsp;&nbsp;&nbsp;lo serviranno tutte le nazioni.<\/p>\n\n\n\n<p class=\"has-text-align-left has-colibri-color-6-color has-text-color has-medium-font-size\">Gloria al Padre e al Figlio *<br>&nbsp;&nbsp;&nbsp;&nbsp;e allo Spirito Santo.<\/p>\n\n\n\n<p class=\"has-text-align-left has-colibri-color-6-color has-text-color has-medium-font-size\">Come era nel principio, e ora e sempre *<br>&nbsp;&nbsp;&nbsp;&nbsp;nei secoli dei secoli. Amen.<\/p>\n\n\n\n<p class=\"has-text-align-left has-colibri-color-6-color has-text-color has-medium-font-size\">1 ant.\u00a0\u00a0\u00a0\u00a0\u00a0Ti ho voluto come luce delle nazioni: <br>tu porterai la salvezza ai confini del mondo.<\/p>\n\n\n\n<p class=\"has-text-align-left has-colibri-color-6-color has-text-color has-medium-font-size\">2 ant.\u00a0\u00a0\u00a0\u00a0\u00a0Dio far\u00e0 giustizia per i poveri: <br>li salver\u00e0 dall&#8217;oppressione.<\/p>\n\n\n\n<p class=\"has-text-align-left has-colibri-color-2-color has-text-color has-medium-font-size\">SALMO&nbsp;71, 12-19 (II)&nbsp;Regno di pace e di benedizione<br>Andate in tutto il mondo a predicare il vangelo (Mc 15, 15).<\/p>\n\n\n\n<p class=\"has-text-align-left has-colibri-color-6-color has-text-color has-medium-font-size\">Egli liberer\u00e0 il povero che invoca *<br>&nbsp;&nbsp;&nbsp;&nbsp;e il misero che non trova aiuto,<br>avr\u00e0 piet\u00e0 del debole e del povero *<br>&nbsp;&nbsp;&nbsp;&nbsp;e salver\u00e0 la vita dei suoi miseri.<\/p>\n\n\n\n<p class=\"has-text-align-left has-colibri-color-6-color has-text-color has-medium-font-size\">Li riscatter\u00e0 dalla violenza e dal sopruso, *<br>&nbsp;&nbsp;&nbsp;&nbsp;sar\u00e0 prezioso ai suoi occhi il loro sangue.<\/p>\n\n\n\n<p class=\"has-text-align-left has-colibri-color-6-color has-text-color has-medium-font-size\">Vivr\u00e0 e gli sar\u00e0 dato oro di Arabia; \u2020<br>&nbsp;&nbsp;&nbsp;&nbsp;si pregher\u00e0 per lui ogni giorno, *<br>&nbsp;&nbsp;&nbsp;&nbsp;sar\u00e0 benedetto per sempre.<\/p>\n\n\n\n<p class=\"has-text-align-left has-colibri-color-6-color has-text-color has-medium-font-size\">Abbonder\u00e0 il frumento nel paese, *<br>&nbsp;&nbsp;&nbsp;&nbsp;ondegger\u00e0 sulle cime dei monti;<br>il suo frutto fiorir\u00e0 come il Libano, *<br>&nbsp;&nbsp;&nbsp;&nbsp;la sua messe come l&#8217;erba della terra.<\/p>\n\n\n\n<p class=\"has-text-align-left has-colibri-color-6-color has-text-color has-medium-font-size\">Il suo nome duri in eterno, *<br>&nbsp;&nbsp;&nbsp;&nbsp;davanti al sole persista il suo nome.<br>In lui saranno benedette tutte le stirpi della terra *<br>&nbsp;&nbsp;&nbsp;&nbsp;e tutti i popoli lo diranno beato.<\/p>\n\n\n\n<p class=\"has-text-align-left has-colibri-color-6-color has-text-color has-medium-font-size\">Benedetto il Signore, Dio di Israele, *<br>&nbsp;&nbsp;&nbsp;&nbsp;egli solo compie prodigi.<\/p>\n\n\n\n<p class=\"has-text-align-left has-colibri-color-6-color has-text-color has-medium-font-size\">E benedetto il suo nome glorioso per sempre, \u2020<br>&nbsp;&nbsp;&nbsp;&nbsp;della sua gloria sia piena tutta la terra. *<br>&nbsp;&nbsp;&nbsp;&nbsp;Amen, amen.<\/p>\n\n\n\n<p class=\"has-text-align-left has-colibri-color-6-color has-text-color has-medium-font-size\">Gloria al Padre e al Figlio *<br>&nbsp;&nbsp;&nbsp;&nbsp;e allo Spirito Santo.<\/p>\n\n\n\n<p class=\"has-text-align-left has-colibri-color-6-color has-text-color has-medium-font-size\">Come era nel principio, e ora e sempre *<br>&nbsp;&nbsp;&nbsp;&nbsp;nei secoli dei secoli. Amen.<\/p>\n\n\n\n<p class=\"has-text-align-left has-colibri-color-6-color has-text-color has-medium-font-size\">2 ant.\u00a0\u00a0\u00a0\u00a0\u00a0Dio far\u00e0 giustizia per i poveri: <br>li salver\u00e0 dall&#8217;oppressione.<\/p>\n\n\n\n<p class=\"has-text-align-left has-colibri-color-6-color has-text-color has-medium-font-size\">3 ant.\u00a0\u00a0\u00a0\u00a0\u00a0Ora si \u00e8 compiuta la salvezza <br>e il regno del nostro Dio.<\/p>\n\n\n\n<p class=\"has-text-align-left has-colibri-color-2-color has-text-color has-medium-font-size\">CANTICO&nbsp;Cfr. Ap 11, 17-18; 12, 10b-12a&nbsp;Il giudizio di Dio<\/p>\n\n\n\n<p class=\"has-text-align-left has-colibri-color-6-color has-text-color has-medium-font-size\">Noi ti rendiamo grazie, <br>&nbsp;&nbsp;&nbsp;&nbsp;&nbsp;&nbsp;&nbsp;&nbsp;Signore Dio onnipotente, *<br>&nbsp;&nbsp;&nbsp;&nbsp;che sei e che eri,<\/p>\n\n\n\n<p class=\"has-text-align-left has-colibri-color-6-color has-text-color has-medium-font-size\">perch\u00e9 hai messo mano<br>&nbsp;&nbsp;&nbsp;&nbsp;&nbsp;&nbsp;&nbsp;&nbsp;alla tua grande potenza, *<br>&nbsp;&nbsp;&nbsp;&nbsp;e hai instaurato il tuo regno.<\/p>\n\n\n\n<p class=\"has-text-align-left has-colibri-color-6-color has-text-color has-medium-font-size\">Le genti fremettero, \u2020<br>&nbsp;&nbsp;&nbsp;&nbsp;ma \u00e8 giunta l&#8217;ora della tua ira, *<br>&nbsp;&nbsp;&nbsp;&nbsp;il tempo di giudicare i morti,<\/p>\n\n\n\n<p class=\"has-text-align-left has-colibri-color-6-color has-text-color has-medium-font-size\">di dare la ricompensa ai tuoi servi, \u2020<br>&nbsp;&nbsp;&nbsp;&nbsp;ai profeti e ai santi *<br>&nbsp;&nbsp;&nbsp;&nbsp;e a quanti temono il tuo nome, piccoli e grandi.<\/p>\n\n\n\n<p class=\"has-text-align-left has-colibri-color-6-color has-text-color has-medium-font-size\">Ora si \u00e8 compiuta la salvezza,<br>&nbsp;&nbsp;&nbsp;&nbsp;&nbsp;&nbsp;&nbsp;&nbsp;la forza e il regno del nostro Dio *<br>&nbsp;&nbsp;&nbsp;&nbsp;e la potenza del suo Cristo,<\/p>\n\n\n\n<p class=\"has-text-align-left has-colibri-color-6-color has-text-color has-medium-font-size\">poich\u00e9 \u00e8 stato precipitato l&#8217;Accusatore; \u2020<br>&nbsp;&nbsp;&nbsp;&nbsp;colui che accusava i nostri fratelli, *<br>&nbsp;&nbsp;&nbsp;&nbsp;davanti al nostro Dio giorno e notte.<\/p>\n\n\n\n<p class=\"has-text-align-left has-colibri-color-6-color has-text-color has-medium-font-size\">Essi lo hanno vinto per il sangue dell&#8217;Agnello \u2020<br>&nbsp;&nbsp;&nbsp;&nbsp;e la testimonianza del loro martirio; *<br>&nbsp;&nbsp;&nbsp;&nbsp;perch\u00e9 hanno disprezzato la vita fino a morire.<\/p>\n\n\n\n<p class=\"has-text-align-left has-colibri-color-6-color has-text-color has-medium-font-size\">Esultate, dunque, o cieli, *<br>&nbsp;&nbsp;&nbsp;&nbsp;rallegratevi e gioite<br>&nbsp;&nbsp;&nbsp;&nbsp;&nbsp;&nbsp;&nbsp;&nbsp;voi che abitate in essi.<\/p>\n\n\n\n<p class=\"has-text-align-left has-colibri-color-6-color has-text-color has-medium-font-size\">Gloria al Padre e al Figlio *<br>&nbsp;&nbsp;&nbsp;&nbsp;e allo Spirito Santo.<\/p>\n\n\n\n<p class=\"has-text-align-left has-colibri-color-6-color has-text-color has-medium-font-size\">Come era nel principio, e ora e sempre *<br>&nbsp;&nbsp;&nbsp;&nbsp;nei secoli dei secoli. Amen.<\/p>\n\n\n\n<p class=\"has-text-align-left has-colibri-color-6-color has-text-color has-medium-font-size\">3 ant.\u00a0\u00a0\u00a0\u00a0\u00a0Ora si \u00e8 compiuta la salvezza <br>e il regno del nostro Dio.<\/p>\n\n\n\n<p class=\"has-text-align-left has-colibri-color-6-color has-text-color has-medium-font-size\"><br><strong>LETTURA BREVE Rm 8, 28-30<\/strong><\/p>\n\n\n\n<p class=\"has-text-align-left has-colibri-color-6-color has-text-color has-medium-font-size\">Noi sappiamo che tutto concorre al bene, per quelli che amano Dio, per coloro che sono stati chiamati secondo il suo disegno. Poich\u00e9 quelli che egli da sempre ha conosciuto, li ha anche predestinati a essere conformi all&#8217;immagine del Figlio suo, perch\u00e9 egli sia il primogenito tra molti fratelli; quelli poi che ha predestinati, li ha anche chiamati; quelli che ha chiamati, li ha anche giustificati; quelli che ha giustificati, li ha anche glorificati.<\/p>\n\n\n\n<p class=\"has-text-align-left has-colibri-color-6-color has-text-color has-medium-font-size\"><br>RESPONSORIO BREVE<\/p>\n\n\n\n<p class=\"has-text-align-left has-colibri-color-6-color has-text-color has-medium-font-size\">R\/. Il Signore \u00e8 giusto, * ama la giustizia.<br>Il Signore \u00e8 giusto, ama la giustizia.<br>V\/. Guarda i buoni con amore,<br>ama la giustizia.<br>Gloria al Padre e al Figlio e allo Spirito Santo.<br>Il Signore \u00e8 giusto, ama la giustizia.<br><\/p>\n\n\n\n<p class=\"has-text-align-left has-colibri-color-6-color has-text-color has-medium-font-size\">Ant. al Magn. Quello che avrete fatto al pi\u00f9 piccolo <br>dei miei fratelli, l\u2019avete fatto a me.<br>Venite, benedetti dal Padre mio, ricevete il regno <br>preparato per voi dall\u2019inizio del mondo.<br><\/p>\n\n\n\n<p class=\"has-text-align-left has-colibri-color-6-color has-text-color has-medium-font-size\">L&#8217;anima mia magnifica il Signore *<br>e il mio spirito esulta in Dio, mio salvatore,<\/p>\n\n\n\n<p class=\"has-text-align-left has-colibri-color-6-color has-text-color has-medium-font-size\">perch\u00e9 ha guardato l&#8217;umilt\u00e0 della sua serva. *<br>D&#8217;ora in poi tutte le generazioni mi chiameranno beata.<\/p>\n\n\n\n<p class=\"has-text-align-left has-colibri-color-6-color has-text-color has-medium-font-size\">Grandi cose ha fatto in me l&#8217;Onnipotente *<br>e Santo \u00e8 il suo nome:<\/p>\n\n\n\n<p class=\"has-text-align-left has-colibri-color-6-color has-text-color has-medium-font-size\">di generazione in generazione la sua misericordia *<br>si stende su quelli che lo temono.<\/p>\n\n\n\n<p class=\"has-text-align-left has-colibri-color-6-color has-text-color has-medium-font-size\">Ha spiegato la potenza del suo braccio, *<br>ha disperso i superbi nei pensieri del loro cuore;<\/p>\n\n\n\n<p class=\"has-text-align-left has-colibri-color-6-color has-text-color has-medium-font-size\">ha rovesciato i potenti dai troni, *&nbsp;&nbsp;&nbsp;&nbsp;&nbsp;&nbsp;&nbsp;&nbsp;&nbsp;&nbsp;&nbsp;&nbsp; <br>ha innalzato gli umili;<\/p>\n\n\n\n<p class=\"has-text-align-left has-colibri-color-6-color has-text-color has-medium-font-size\">ha ricolmato di beni gli affamati, *<br>ha rimandato i ricchi a mani vuote.<\/p>\n\n\n\n<p class=\"has-text-align-left has-colibri-color-6-color has-text-color has-medium-font-size\">Ha soccorso Israele, suo servo, *<br>ricordandosi della sua misericordia,<\/p>\n\n\n\n<p class=\"has-text-align-left has-colibri-color-6-color has-text-color has-medium-font-size\">come aveva promesso ai nostri padri, *<br>ad Abramo e alla sua discendenza, per sempre.<\/p>\n\n\n\n<p class=\"has-text-align-left has-colibri-color-6-color has-text-color has-medium-font-size\">Gloria al Padre e al Figlio *<br>e allo Spirito Santo.<\/p>\n\n\n\n<p class=\"has-text-align-left has-colibri-color-6-color has-text-color has-medium-font-size\">Come era nel principio, e ora e sempre *<br>nei secoli dei secoli. Amen.<\/p>\n\n\n\n<p class=\"has-text-align-left has-colibri-color-6-color has-text-color has-medium-font-size\">Ant. al Magn. Quello che avrete fatto al pi\u00f9 piccolo <br>dei miei fratelli, l\u2019avete fatto a me.<br>Venite, benedetti dal Padre mio, ricevete il regno <br>preparato per voi dall\u2019inizio del mondo.<br><\/p>\n\n\n\n<p class=\"has-text-align-left has-colibri-color-6-color has-text-color has-medium-font-size\">INTERCESSIONI<\/p>\n\n\n\n<p class=\"has-text-align-left has-colibri-color-6-color has-text-color has-medium-font-size\">Al tramonto di questo giorno eleviamo la nostra supplica a Dio, Padre di misericordia e sorgente di santit\u00e0, perch\u00e9 ci conceda di vivere sull\u2019esempio del beato Alberto Marvelli ogni giorno della vita: <br><strong>Ascoltaci, o Padre, fonte di ogni santit\u00e0.<\/strong><\/p>\n\n\n\n<p class=\"has-text-align-left has-colibri-color-6-color has-text-color has-medium-font-size\">Padre santo, in ogni tempo tu poni sul cammino della Chiesa uomini e donne generosi nel quotidiano della loro esistenza:<br>\u2013 fa\u2019 che la comunit\u00e0 cristiana sappia far tesoro di questi esempi. <\/p>\n\n\n\n<p class=\"has-text-align-left has-colibri-color-6-color has-text-color has-medium-font-size\">Padre santo, con il dono della tua parola e dei sacramenti ci inviti a camminare in coerenza con la nostra vocazione:<br>\u2013 fa\u2019 che la nostra risposta sia attiva e operosa. <\/p>\n\n\n\n<p class=\"has-text-align-left has-colibri-color-6-color has-text-color has-medium-font-size\">Padre santo, ogni giorno sostieni il nostro piede vacillante con i segni della tua provvidenza:<br>\u2013 fa\u2019 che la nostra missione sia sempre a servizio dei poveri e dei sofferenti nel corpo e nello spirito. <\/p>\n\n\n\n<p class=\"has-text-align-left has-colibri-color-6-color has-text-color has-medium-font-size\">Padre santo, \u00e8 con il dono della tua parola che ci inviti a percorrere con coraggio la via della santit\u00e0:<br>\u2013 fa\u2019 che, seguendo l\u2019esempio del beato Alberto, l\u2019ascolto e la meditazione del vangelo siano il nostro sostegno.<\/p>\n\n\n\n<p class=\"has-text-align-left has-colibri-color-6-color has-text-color has-medium-font-size\">Padre santo, ammetti alla contemplazione del tuo volto tutti i defunti, soprattutto coloro che ti hanno cercato nel volto bisognoso dei fratelli:<br>\u2013 fa\u2019 che incontrino l\u2019abbraccio sorridente della tua infinita misericordia.<\/p>\n\n\n\n<p class=\"has-text-align-left has-colibri-color-6-color has-text-color has-medium-font-size\">Padre nostro&#8230; <\/p>\n\n\n\n<p class=\"has-text-align-left has-colibri-color-6-color has-text-color has-medium-font-size\">ORAZIONE<\/p>\n\n\n\n<p class=\"has-text-align-left has-colibri-color-6-color has-text-color has-medium-font-size\">O Dio, fonte di vita e santit\u00e0,<br>che hai suscitato nel beato Alberto<br>un ardente amore per i poveri<br>e un generoso impegno nell\u2019amministrazione della comunit\u00e0 civile,<br>concedi propizio a noi, per sua intercessione, di imitarne l\u2019esempio.<br>Per il nostro Signore.<\/p>\n","protected":false},"excerpt":{"rendered":"<p>Alberto Marvelli nacque a Ferrara il 21 marzo 1918, da una famiglia che era una vera chiesa domestica; visse e crebbe a Rimini, dove la sua famiglia si era trasferita. Ed il suo \u00e8 stato uno sforzo continuo per adeguare la propria condotta ai valori cristiani. In questo gli fu di grande aiuto l\u2019Oratorio salesiano, [&hellip;]<\/p>\n","protected":false},"author":5,"featured_media":0,"parent":9712,"menu_order":0,"comment_status":"closed","ping_status":"closed","template":"","meta":{"iawp_total_views":18,"footnotes":""},"class_list":["post-6610","page","type-page","status-publish","hentry"],"_links":{"self":[{"href":"https:\/\/santagostinorimini.it\/new_sito\/wp-json\/wp\/v2\/pages\/6610","targetHints":{"allow":["GET"]}}],"collection":[{"href":"https:\/\/santagostinorimini.it\/new_sito\/wp-json\/wp\/v2\/pages"}],"about":[{"href":"https:\/\/santagostinorimini.it\/new_sito\/wp-json\/wp\/v2\/types\/page"}],"author":[{"embeddable":true,"href":"https:\/\/santagostinorimini.it\/new_sito\/wp-json\/wp\/v2\/users\/5"}],"replies":[{"embeddable":true,"href":"https:\/\/santagostinorimini.it\/new_sito\/wp-json\/wp\/v2\/comments?post=6610"}],"version-history":[{"count":13,"href":"https:\/\/santagostinorimini.it\/new_sito\/wp-json\/wp\/v2\/pages\/6610\/revisions"}],"predecessor-version":[{"id":9091,"href":"https:\/\/santagostinorimini.it\/new_sito\/wp-json\/wp\/v2\/pages\/6610\/revisions\/9091"}],"up":[{"embeddable":true,"href":"https:\/\/santagostinorimini.it\/new_sito\/wp-json\/wp\/v2\/pages\/9712"}],"wp:attachment":[{"href":"https:\/\/santagostinorimini.it\/new_sito\/wp-json\/wp\/v2\/media?parent=6610"}],"curies":[{"name":"wp","href":"https:\/\/api.w.org\/{rel}","templated":true}]}}